{"id":653,"date":"2020-12-08T09:32:30","date_gmt":"2020-12-08T08:32:30","guid":{"rendered":"http:\/\/eliocoach.fr\/?page_id=653"},"modified":"2021-04-12T14:55:22","modified_gmt":"2021-04-12T12:55:22","slug":"formation","status":"publish","type":"page","link":"https:\/\/eliocoach.fr\/index.php\/formation\/","title":{"rendered":"Formation"},"content":{"rendered":"\n\t\t\t<div class=\"horizontal-section text-light parallax-section\" style=\"\" data-parallax-image=\"http:\/\/eliocoach.fr\/wp-content\/uploads\/2020\/12\/RemoteTrainig.jpg\">\n\t\t\t\t<div class=\"horizontal-inner\" style=\"padding-top:200px;padding-bottom:200px;\">\n\t\t\t\t\n\t\t\t\t<\/div>\n\t\t\t<\/div>\n\t\t<div class=\"wrapper-small\"><div class=\"column-section clearfix\"><div class=\"column one-full last-col \" ><div class=\"spacer spacer-mini\"><\/div>\n<p><span style=\"color: #0000ff;\"><b><i>Des formations pour vous dirigeants et managers<span class=\"Apple-converted-space\">\u00a0<\/span><\/i><\/b><\/span><\/p>\n<p>Ils sont <strong>nombreux ceux<\/strong> qui sont amen\u00e9s \u00e0 manager une \u00e9quipe et <b>qui n\u2019ont pas appris \u00e0 le faire\u00a0<\/b>!<br \/>\nIls int\u00e8grent une entreprise, une startup, ils sont manag\u00e9s puis un jour, ils sont amen\u00e9s \u00e0 manager une \u00e9quipe.<span class=\"Apple-converted-space\"><br \/>\n<\/span>Et alors souvent, <b>ils managent comme ils ont \u00e9t\u00e9 manag\u00e9<\/b>\u2026<br \/>\n<b>Avec de bonnes m\u00e9thodes\u00a0? Avec de bons outils\u00a0?<\/b> Avec humanit\u00e9 et motivation\u00a0? <b>Comment savoir\u00a0?<\/b> Comment savoir si votre fa\u00e7on de faire est la meilleure ? Est adapt\u00e9e\u00a0?<span class=\"Apple-converted-space\">\u00a0<\/span><\/p>\n<ul>\n<li>L\u2019\u00e9quipe atteint ses objectifs\u00a0? <em>Est-ce que \u00e7<\/em><i>a suffit \u00e0 l\u2019entreprise\u00a0?<\/i><\/li>\n<li>Il y a une bonne ambiance dans votre \u00e9quipe\u00a0? <em>Est-ce que <\/em><i>\u00e7a leur suffit\u00a0?<\/i><\/li>\n<li>Votre \u00e9quipe est stable, chacun est \u00e0 sa place\u00a0? <em>Est-ce que <\/em><i>\u00e7a leur suffit aussi\u00a0?<\/i><\/li>\n<li>Il n\u2019y a jamais de \u00ab\u00a0clash\u00a0\u00bb\u00a0? <em>Est-ce que \u00e7<\/em><i>a vous suffit\u00a0?<\/i><\/li>\n<\/ul>\n<p>Alors <b>si vous r\u00e9pondez oui<\/b> \u00e0 chacune de ces questions, peut-\u00eatre n\u2019avez-vous pas besoin de formation<span class=\"Apple-converted-space\">\u00a0 <\/span>au management d\u2019\u00e9quipe\u00a0? <b>Quoique\u00a0?<br \/>\n<\/b>Et <b>si vous r\u00e9pondez non<\/b> \u00e0 une de ces questions, ou \u00e0 plusieurs, pourquoi ne pas <b>envisager une de ces formations\u00a0?<\/b><\/p>\n<p><em><span style=\"color: #0000ff;\"><b>D\u00e9couvrez les 2 formations propos\u00e9es ci-dessous ! Formation \u00ab\u00a0Gold\u00a0\u00bb et \u00ab\u00a0Remote Gold\u00a0\u00bb<br \/>\n<\/b><\/span><\/em><\/p>\n<div class=\"spacer spacer-mini\"><\/div><\/div><\/div><\/div>\n\t\t\t<div class=\"horizontal-section text-light parallax-section\" style=\"\" data-parallax-image=\"http:\/\/eliocoach.fr\/wp-content\/uploads\/2020\/12\/Comment-bien-manager-par-des-temps-difficiles.jpg\">\n\t\t\t\t<div class=\"horizontal-inner\" style=\"padding-top:200px;padding-bottom:200px;\">\n\t\t\t\t\n\t\t\t\t<\/div>\n\t\t\t<\/div>\n\t\t<div class=\"wrapper-small\"><div class=\"column-section clearfix\"><div class=\"column one-full last-col \" ><div class=\"spacer spacer-mini\"><\/div>\n<p><span style=\"color: #0000ff;\"><b><i>Formation Gold\u00a0: Comment booster votre capacit\u00e9 \u00e0 manager ?<\/i><\/b><\/span><\/p>\n<p>C\u2019est vrai, on apprend pas \u00e0 \u00eatre manager. Bien souvent, on le devient et on manque d\u2019outils, de m\u00e9thode pour en \u00eatre \u00ab\u00a0un bon\u00a0\u00bb\u00a0!<\/p>\n<ul>\n<li>Vous souhaitez <b>am\u00e9liorer<\/b> votre fa\u00e7on de manager\u00a0?\n<ul>\n<li>Obtenir de vos \u00e9quipes un <b>meilleur engagement\u00a0<\/b>? Une meilleure <b>motivation\u00a0<\/b>?<\/li>\n<\/ul>\n<\/li>\n<li>Vous voulez aussi <b>fluidifier<\/b> votre communication avec votre \u00e9quipe\u00a0?\n<ul>\n<li>Rendre les interactions entre vous<b> plus humaines, plus souples <\/b>?<\/li>\n<\/ul>\n<\/li>\n<li>Vous voulez peut-\u00eatre aussi leur permettre d\u2018accro\u00eetre leur aptitude \u00e0 travailler ensemble <b>au service d\u2019un objectif<\/b>\u00a0?<\/li>\n<li>Et certainement, d\u00e9velopper leur capacit\u00e9 <b>\u00e0 r\u00e9soudre les probl\u00e8mes en autonomie\u00a0<\/b>?<\/li>\n<\/ul>\n<p><span style=\"color: #0000ff;\"><b><i>Alors la formation \u00ab\u00a0Gold\u00a0\u00bb est faite pour vous\u00a0! <span class=\"Apple-converted-space\">\u00a0<\/span><\/i><\/b><\/span><\/p>\n<p>Plus d\u2019informations\u00a0: merci de t\u00e9l\u00e9charger la documentation d\u00e9taill\u00e9e ici <a href=\"http:\/\/eliocoach.fr\/wp-content\/uploads\/2020\/12\/ElioCoach-Formation-BoosterManager-Gold.pdf\" target=\"_blank\" rel=\"noopener\">(pdf \u00e0 t\u00e9l\u00e9charger<\/a>)<\/p>\n<div class=\"spacer spacer-mini\"><\/div><\/div><\/div><\/div>\n\t\t\t<div class=\"horizontal-section text-light parallax-section\" style=\"\" data-parallax-image=\"http:\/\/eliocoach.fr\/wp-content\/uploads\/2020\/12\/Formation-a-distance-UQTR.jpg\">\n\t\t\t\t<div class=\"horizontal-inner\" style=\"padding-top:200px;padding-bottom:200px;\">\n\t\t\t\t\n\t\t\t\t<\/div>\n\t\t\t<\/div>\n\t\t<div class=\"wrapper-small\"><div class=\"column-section clearfix\"><div class=\"column one-full last-col \" ><div class=\"spacer spacer-mini\"><\/div>\n<p><span style=\"color: #0000ff;\"><b><i>Formation \u00ab\u00a0Remote Gold\u00a0\u00bb : Comment manager votre \u00e9quipe en t\u00e9l\u00e9travail ?<\/i><\/b><\/span><\/p>\n<p><b>T\u00e9l\u00e9travail\u00a0!<\/b> Assez d\u2019entendre ce mot, assez <b>de le subir\u00a0?<\/b><\/p>\n<ul>\n<li>Assez, de ne <b>pas savoir comment mobiliser<\/b> votre \u00e9quipe \u00e9clat\u00e9e et \u00e0 distance.<span class=\"Apple-converted-space\">\u00a0<\/span><\/li>\n<li>Assez <b>d\u2019h\u00e9siter entre appeler chacun<\/b> tous les jours, ou tous les 2 jours, ou \u2026 jamais\u00a0!<\/li>\n<li>Assez de se demander <b>comment faire pour qu\u2019une r\u00e9union<\/b> d\u2019\u00e9quipe, <b>soit dynamique\u00a0<\/b>? Fuide ? Efficace ? Qu\u2019elle permette \u00e0 toutes et \u00e0 tous de <b>se motiver\u00a0<\/b>? Au service d\u2019un objectif\u00a0?<\/li>\n<\/ul>\n<p><span style=\"color: #0000ff;\"><b><i>Si vous vous posez ces questions, la formation \u00ab\u00a0Remote Gold\u00a0\u00bb est faite pour vous\u00a0!<\/i><\/b><\/span><\/p>\n<p>Elle vous donnera tous les <b>outils, pratiques et simples<\/b> \u00e0 mettre en place, pour booster votre capacit\u00e9 \u00e0 <b>manager une \u00e9quipe \u00e0 distance\u00a0!<\/b><\/p>\n<p>Plus d\u2019informations\u00a0: merci de t\u00e9l\u00e9charger la documentation d\u00e9taill\u00e9e ici (<a href=\"http:\/\/eliocoach.fr\/wp-content\/uploads\/2021\/03\/Eliocoach-Remote-Gold-Management-en-te\u0301le\u0301travail.pdf\">Eliocoach-Remote Gold-Management en te\u0301le\u0301travail<\/a>)<\/p>\n<p><a href=\"https:\/\/youtu.be\/6-mGZBLWqz0\"><img loading=\"lazy\" decoding=\"async\" class=\"size-full wp-image-715 aligncenter\" src=\"http:\/\/eliocoach.fr\/wp-content\/uploads\/2021\/03\/Generale-Une.jpg\" alt=\"\" width=\"644\" height=\"341\" srcset=\"https:\/\/eliocoach.fr\/wp-content\/uploads\/2021\/03\/Generale-Une.jpg 644w, https:\/\/eliocoach.fr\/wp-content\/uploads\/2021\/03\/Generale-Une-300x159.jpg 300w, https:\/\/eliocoach.fr\/wp-content\/uploads\/2021\/03\/Generale-Une-420x222.jpg 420w\" sizes=\"(max-width: 644px) 100vw, 644px\" \/><\/a><\/p>\n<div class=\"spacer spacer-mini\"><\/div><\/div><\/div><\/div>\n\t\t\t<div class=\"horizontal-section text-light parallax-section\" style=\"\" data-parallax-image=\"http:\/\/eliocoach.fr\/wp-content\/uploads\/2020\/12\/etre-un-bon-manager-facebook-1200x630.jpg\">\n\t\t\t\t<div class=\"horizontal-inner\" style=\"padding-top:200px;padding-bottom:200px;\">\n\t\t\t\t\n\t\t\t\t<\/div>\n\t\t\t<\/div>\n\t\t<div class=\"wrapper-small\"><div class=\"column-section clearfix\"><div class=\"column one-full last-col \" ><div class=\"spacer spacer-mini\"><\/div>\n<p><span style=\"color: #0000ff;\"><b><i>Les formations\u00a0? Comment \u00e7a marche\u00a0?<\/i><\/b><\/span><\/p>\n<p>Les formations ElioCoach, pour dirigeants ou manager\u00a0:<span class=\"Apple-converted-space\">\u00a0<\/span><\/p>\n<p>des <b>outils, pratiques et simples<\/b> \u00e0 mettre en place, pour booster votre capacit\u00e9 \u00e0 manager\u00a0!<\/p>\n<ul>\n<li>2 demi-journ\u00e9es : Jour 1 de 9h30 &#8211; 12h30 et Jour 2 de 14h00 \u00e0 17h00<\/li>\n<li>Une formation en pr\u00e9sentiel ou en distanciel<\/li>\n<li>Individuel ou en groupe de 3 \u00e0 7<\/li>\n<li>Inter-entreprise ou intra-entreprises<\/li>\n<\/ul>\n<p><b><i>Appelez-moi, <\/i><\/b><a href=\"mailto:gilles@eliocoach.fr\"><b><i>envoyez moi un mail<\/i><\/b><\/a> pour parler de votre envie de formation, gratuitement, avant de voir ensemble, si vous d\u00e9cidez d\u2019en suivre une !<\/p>\n<div class=\"spacer spacer-mini\"><\/div><\/div><\/div><\/div>\n","protected":false},"excerpt":{"rendered":"","protected":false},"author":1,"featured_media":0,"parent":0,"menu_order":0,"comment_status":"closed","ping_status":"closed","template":"","meta":{"footnotes":""},"_links":{"self":[{"href":"https:\/\/eliocoach.fr\/index.php\/wp-json\/wp\/v2\/pages\/653"}],"collection":[{"href":"https:\/\/eliocoach.fr\/index.php\/wp-json\/wp\/v2\/pages"}],"about":[{"href":"https:\/\/eliocoach.fr\/index.php\/wp-json\/wp\/v2\/types\/page"}],"author":[{"embeddable":true,"href":"https:\/\/eliocoach.fr\/index.php\/wp-json\/wp\/v2\/users\/1"}],"replies":[{"embeddable":true,"href":"https:\/\/eliocoach.fr\/index.php\/wp-json\/wp\/v2\/comments?post=653"}],"version-history":[{"count":9,"href":"https:\/\/eliocoach.fr\/index.php\/wp-json\/wp\/v2\/pages\/653\/revisions"}],"predecessor-version":[{"id":752,"href":"https:\/\/eliocoach.fr\/index.php\/wp-json\/wp\/v2\/pages\/653\/revisions\/752"}],"wp:attachment":[{"href":"https:\/\/eliocoach.fr\/index.php\/wp-json\/wp\/v2\/media?parent=653"}],"curies":[{"name":"wp","href":"https:\/\/api.w.org\/{rel}","templated":true}]}}